{"id":671,"date":"2023-07-05T08:30:51","date_gmt":"2023-07-05T12:30:51","guid":{"rendered":"http:\/\/devtheatresaintecatherine.local\/?page_id=671"},"modified":"2025-11-13T17:43:34","modified_gmt":"2025-11-13T22:43:34","slug":"theatre","status":"publish","type":"page","link":"https:\/\/theatresaintecatherine.com\/en\/theatre\/","title":{"rendered":"Theatre"},"content":{"rendered":"<p>[et_pb_section fb_built=&#8221;1&#8243; _builder_version=&#8221;4.21.0&#8243; _module_preset=&#8221;default&#8221; custom_margin_tablet=&#8221;82px||||false|false&#8221; custom_margin_phone=&#8221;82px||||false|false&#8221; custom_margin_last_edited=&#8221;on|phone&#8221; custom_padding=&#8221;0px||0px|||&#8221; global_colors_info=&#8221;{}&#8221;][et_pb_row _builder_version=&#8221;4.21.0&#8243; _module_preset=&#8221;default&#8221; width=&#8221;100%&#8221; max_width=&#8221;2560px&#8221; custom_padding=&#8221;0px||||false|false&#8221; global_colors_info=&#8221;{}&#8221;][et_pb_column type=&#8221;4_4&#8243; _builder_version=&#8221;4.21.0&#8243; _module_preset=&#8221;default&#8221; global_colors_info=&#8221;{}&#8221;][et_pb_image src=&#8221;https:\/\/theatresaintecatheri.live-website.com\/wp-content\/uploads\/2023\/07\/bannerhomepage-scaled.jpg&#8221; alt=&#8221;banner collage Theatre Sainte-Catherine&#8221; title_text=&#8221;bannerhomepage&#8221; align=&#8221;center&#8221; _builder_version=&#8221;4.21.2&#8243; _module_preset=&#8221;default&#8221; custom_margin=&#8221;-0.2%||||false|false&#8221; custom_margin_tablet=&#8221;-0.2%||||false|false&#8221; custom_margin_phone=&#8221;-0.2%||||false|false&#8221; custom_margin_last_edited=&#8221;on|phone&#8221; custom_padding_tablet=&#8221;&#8221; custom_padding_phone=&#8221;&#8221; custom_padding_last_edited=&#8221;on|tablet&#8221; border_radii=&#8221;on|33px|33px|33px|33px&#8221; global_colors_info=&#8221;{}&#8221;][\/et_pb_image][\/et_pb_column][\/et_pb_row][et_pb_row _builder_version=&#8221;4.21.0&#8243; _module_preset=&#8221;default&#8221; global_colors_info=&#8221;{}&#8221;][et_pb_column type=&#8221;4_4&#8243; _builder_version=&#8221;4.21.0&#8243; _module_preset=&#8221;default&#8221; global_colors_info=&#8221;{}&#8221;][et_pb_text content_tablet=&#8221;<\/p>\n<h1>TH\u00c9\u00c2TRE SAINTE-CATHERINE CAF\u00c9-BAR<\/h1>\n<p>&#8221; content_phone=&#8221;<\/p>\n<h2>TH\u00c9\u00c2TRE SAINTE-CATHERINE CAF\u00c9-BAR<\/h2>\n<p>&#8221; content_last_edited=&#8221;on|phone&#8221; _builder_version=&#8221;4.21.0&#8243; _module_preset=&#8221;default&#8221; global_colors_info=&#8221;{}&#8221;]<\/p>\n<h1>TH\u00c9\u00c2TRE SAINTE-CATHERINE CAF\u00c9-BAR<\/h1>\n<p>[\/et_pb_text][\/et_pb_column][\/et_pb_row][et_pb_row _builder_version=&#8221;4.21.0&#8243; _module_preset=&#8221;default&#8221; custom_padding=&#8221;0px|||9px|false|false&#8221; border_width_left=&#8221;5px&#8221; border_color_left=&#8221;#da0037&#8243; global_colors_info=&#8221;{}&#8221;][et_pb_column type=&#8221;4_4&#8243; _builder_version=&#8221;4.21.0&#8243; _module_preset=&#8221;default&#8221; global_colors_info=&#8221;{}&#8221;][et_pb_text _builder_version=&#8221;4.27.4&#8243; _module_preset=&#8221;default&#8221; hover_enabled=&#8221;0&#8243; global_colors_info=&#8221;{}&#8221; sticky_enabled=&#8221;0&#8243; custom_padding=&#8221;||8px|||&#8221;]<\/p>\n<h4 class=\"m_5883043174218017133gmail-Corps\"><span style=\"color: #da0037;\"><a href=\"https:\/\/lenouveau.org\/\" target=\"_blank\" rel=\"noopener\" style=\"color: #da0037;\">LE NOUVEAU INTERNATIONAL<\/a><\/span><span><\/span><span><\/span><\/h4>\n<p class=\"m_5883043174218017133gmail-Corps\">A performing arts organization founded in 2009 by Mark Louch, Alain Mercieca and Sandi Armstrong.<\/p>\n<p class=\"m_5883043174218017133gmail-Corps\">Le Nouveau International is home to the longest running english improv workshop and show: Sunday Night Improv and it&#8217;s francophone twin: Les Lundis, the one and only Montreal Sketch Festival, our bilingual all-nighter Nuit Blanche improv show: Nuit des 1000 Improvisateurs and plenty more original plays and publications. We are dedicated to uplifting aspiring, new producers and performers and le Nouveau International aims to push artistic boundaries while simultaneously being as accessible as possible.<\/p>\n<p class=\"m_5883043174218017133gmail-Corps\">Our venue, Th\u00e9\u00e2tre Sainte-Catherine, serves as a collective hub, fostering collaboration and partnerships among the dynamic artists who pass through our doors. Whether they hail from Quebec or other parts of the world, we thank every performer, technician, venue manager, showrunner, zine maker and audience member who supports our productions. We are dedicated and committed to ensuring that art making is as accesible as possible and will fight for our doors to be forever open to live theatre! Vive le th\u00e9\u00e2tre live!<\/p>\n<p>[\/et_pb_text][\/et_pb_column][\/et_pb_row][et_pb_row _builder_version=&#8221;4.24.1&#8243; _module_preset=&#8221;default&#8221; global_colors_info=&#8221;{}&#8221;][et_pb_column type=&#8221;4_4&#8243; _builder_version=&#8221;4.24.1&#8243; _module_preset=&#8221;default&#8221; global_colors_info=&#8221;{}&#8221;][et_pb_text _builder_version=&#8221;4.25.1&#8243; _module_preset=&#8221;default&#8221; global_colors_info=&#8221;{}&#8221;]<\/p>\n<h2 style=\"text-align: center;\">Le Nouveau Zine Le Nouveau Zine Le Nouveau Zine<\/h2>\n<p class=\"cvGsUA direction-ltr align-center para-style-body\"><span class=\"OYPEnA text-decoration-none text-strikethrough-none\">Le Th\u00e9\u00e2tre Sainte-Catherine est un caf\u00e9-bar, un th\u00e9\u00e2tre et une communaut\u00e9 remplie de talent Ouvert \u00e0 la location pour tous et toutes, mais aussi un programmation bien remplie curated au couleurs du Nouveau International, un OBNL g\u00e9r\u00e9 par plusieurs humains, mais fond\u00e9 notamment par Sandi Armstrong, Mark Louch et Alain Mercieca.<\/span><\/p>\n<p class=\"cvGsUA direction-ltr align-center para-style-body\">\n<p class=\"cvGsUA direction-ltr align-center para-style-body\"><span class=\"OYPEnA text-decoration-none text-strikethrough-none\">Ce zine (un pamphlet), a zine is half of a magazine, the good half. On essaie tout simplement de vous donner une visibilit\u00e9 sur la communaut\u00e9 et sur ce qui se trame en ce moment au TSC.<\/span><\/p>\n<p class=\"cvGsUA direction-ltr align-center para-style-body\">\n<p class=\"cvGsUA direction-ltr align-center para-style-body\"><span class=\"OYPEnA text-decoration-none text-strikethrough-none\">Every month, the team from le Nouveau International and Th\u00e9\u00e2tre Sainte-Catherine invites you behind the curtain: interviews, artwork, editorials, poems, and many other elements that allow you to immerse yourself a bit more in our universe.<\/span><\/p>\n<p>[\/et_pb_text][\/et_pb_column][\/et_pb_row][et_pb_row column_structure=&#8221;1_3,1_3,1_3&#8243; _builder_version=&#8221;4.24.1&#8243; _module_preset=&#8221;default&#8221; global_colors_info=&#8221;{}&#8221;][et_pb_column type=&#8221;1_3&#8243; _builder_version=&#8221;4.24.1&#8243; _module_preset=&#8221;default&#8221; global_colors_info=&#8221;{}&#8221;][et_pb_button button_url=&#8221;https:\/\/online.fliphtml5.com\/vprbg\/vzht\/index.html&#8221; url_new_window=&#8221;on&#8221; button_text=&#8221;ZINE FEBRUARY 2024&#8243; button_alignment=&#8221;center&#8221; _builder_version=&#8221;4.24.1&#8243; _module_preset=&#8221;default&#8221; global_colors_info=&#8221;{}&#8221;][\/et_pb_button][\/et_pb_column][et_pb_column type=&#8221;1_3&#8243; _builder_version=&#8221;4.24.1&#8243; _module_preset=&#8221;default&#8221; global_colors_info=&#8221;{}&#8221;][et_pb_button button_url=&#8221;https:\/\/online.fliphtml5.com\/pespl\/fmaz\/&#8221; url_new_window=&#8221;on&#8221; button_text=&#8221;ZINE MARCH 2024&#8243; button_alignment=&#8221;center&#8221; _builder_version=&#8221;4.25.1&#8243; _module_preset=&#8221;default&#8221; global_colors_info=&#8221;{}&#8221;][\/et_pb_button][\/et_pb_column][et_pb_column type=&#8221;1_3&#8243; _builder_version=&#8221;4.24.1&#8243; _module_preset=&#8221;default&#8221; global_colors_info=&#8221;{}&#8221;][et_pb_button button_url=&#8221;https:\/\/online.fliphtml5.com\/pespl\/ypii\/&#8221; url_new_window=&#8221;on&#8221; button_text=&#8221;ZINE MAY 2024&#8243; button_alignment=&#8221;center&#8221; _builder_version=&#8221;4.25.1&#8243; _module_preset=&#8221;default&#8221; global_colors_info=&#8221;{}&#8221;][\/et_pb_button][\/et_pb_column][\/et_pb_row][et_pb_row _builder_version=&#8221;4.21.0&#8243; _module_preset=&#8221;default&#8221; global_colors_info=&#8221;{}&#8221;][et_pb_column type=&#8221;4_4&#8243; _builder_version=&#8221;4.21.0&#8243; _module_preset=&#8221;default&#8221; global_colors_info=&#8221;{}&#8221;][et_pb_text _builder_version=&#8221;4.21.0&#8243; _module_preset=&#8221;default&#8221; global_colors_info=&#8221;{}&#8221;]<\/p>\n<h1 style=\"text-align: center;\">GALLERY<\/h1>\n<p>[\/et_pb_text][\/et_pb_column][\/et_pb_row][\/et_pb_section][et_pb_section fb_built=&#8221;1&#8243; _builder_version=&#8221;4.21.0&#8243; _module_preset=&#8221;default&#8221; custom_padding=&#8221;0px|||||&#8221; global_colors_info=&#8221;{}&#8221;][et_pb_row column_structure=&#8221;1_3,1_3,1_3&#8243; _builder_version=&#8221;4.21.0&#8243; _module_preset=&#8221;default&#8221; custom_margin=&#8221;-16px|auto||auto||&#8221; global_colors_info=&#8221;{}&#8221;][et_pb_column type=&#8221;1_3&#8243; _builder_version=&#8221;4.21.0&#8243; _module_preset=&#8221;default&#8221; global_colors_info=&#8221;{}&#8221;][et_pb_image src=&#8221;https:\/\/theatresaintecatherine.com\/wp-content\/uploads\/2025\/11\/462542910_567113586254336_133626451528839349_n.jpg&#8221; alt=&#8221;Alain Mercieca, Ma\u00eft\u00e9 Sinave, Adalia Pemberton, Isaac Meele&#8221; title_text=&#8221;462542910_567113586254336_133626451528839349_n&#8221; _builder_version=&#8221;4.27.4&#8243; _module_preset=&#8221;default&#8221; hover_enabled=&#8221;0&#8243; border_radii=&#8221;on|33px|33px|33px|33px&#8221; global_colors_info=&#8221;{}&#8221; sticky_enabled=&#8221;0&#8243;][\/et_pb_image][\/et_pb_column][et_pb_column type=&#8221;1_3&#8243; _builder_version=&#8221;4.21.0&#8243; _module_preset=&#8221;default&#8221; global_colors_info=&#8221;{}&#8221;][et_pb_image src=&#8221;https:\/\/theatresaintecatheri.live-website.com\/wp-content\/uploads\/2023\/07\/show5_jean-michaelseminaro.jpeg&#8221; alt=&#8221;Crowd of performers with their hands up,Foule d&#8217;artistes avec les mains en l&#8217;air,&#8221; title_text=&#8221;show5_jean-michaelseminaro&#8221; _builder_version=&#8221;4.21.2&#8243; _module_preset=&#8221;default&#8221; border_radii=&#8221;on|33px|33px|33px|33px&#8221; global_colors_info=&#8221;{}&#8221;][\/et_pb_image][\/et_pb_column][et_pb_column type=&#8221;1_3&#8243; _builder_version=&#8221;4.21.0&#8243; _module_preset=&#8221;default&#8221; global_colors_info=&#8221;{}&#8221;][et_pb_image src=&#8221;https:\/\/theatresaintecatheri.live-website.com\/wp-content\/uploads\/2023\/07\/show6poster_jean-michaelseminaro.jpeg&#8221; alt=&#8221;Sandi Armstrong, Lise Vigneault, Alain Mercieca, Ma\u00eft\u00e9 Sinave, Peter Stevens, Simon Chavalrie&#8221; title_text=&#8221;show6poster_jean-michaelseminaro&#8221; _builder_version=&#8221;4.21.2&#8243; _module_preset=&#8221;default&#8221; border_radii=&#8221;on|33px|33px|33px|33px&#8221; global_colors_info=&#8221;{}&#8221;][\/et_pb_image][\/et_pb_column][\/et_pb_row][et_pb_row column_structure=&#8221;1_3,1_3,1_3&#8243; _builder_version=&#8221;4.21.0&#8243; _module_preset=&#8221;default&#8221; custom_margin=&#8221;-16px|auto||auto||&#8221; global_colors_info=&#8221;{}&#8221;][et_pb_column type=&#8221;1_3&#8243; _builder_version=&#8221;4.21.0&#8243; _module_preset=&#8221;default&#8221; global_colors_info=&#8221;{}&#8221;][et_pb_image src=&#8221;https:\/\/theatresaintecatherine.com\/wp-content\/uploads\/2025\/11\/SA1.jpg&#8221; alt=&#8221;Solly Eli Krygier-Paine, Angela Bee, Jean Bernard, Sandi Armstrong&#8221; title_text=&#8221;SA1&#8243; _builder_version=&#8221;4.27.4&#8243; _module_preset=&#8221;default&#8221; hover_enabled=&#8221;0&#8243; border_radii=&#8221;on|33px|33px|33px|33px&#8221; global_colors_info=&#8221;{}&#8221; sticky_enabled=&#8221;0&#8243;][\/et_pb_image][\/et_pb_column][et_pb_column type=&#8221;1_3&#8243; _builder_version=&#8221;4.21.0&#8243; _module_preset=&#8221;default&#8221; global_colors_info=&#8221;{}&#8221;][et_pb_image src=&#8221;https:\/\/theatresaintecatheri.live-website.com\/wp-content\/uploads\/2023\/07\/marklouch.jpeg&#8221; alt=&#8221;Mark Louch&#8221; title_text=&#8221;marklouch&#8221; _builder_version=&#8221;4.21.2&#8243; _module_preset=&#8221;default&#8221; border_radii=&#8221;on|33px|33px|33px|33px&#8221; global_colors_info=&#8221;{}&#8221;][\/et_pb_image][\/et_pb_column][et_pb_column type=&#8221;1_3&#8243; _builder_version=&#8221;4.21.0&#8243; _module_preset=&#8221;default&#8221; global_colors_info=&#8221;{}&#8221;][et_pb_image src=&#8221;https:\/\/theatresaintecatherine.com\/wp-content\/uploads\/2025\/11\/1ad2b024-3267-4d2c-a9f8-5e6dd2d2ac6c.jpg&#8221; alt=&#8221;Nguyen Dinh and three others&#8221; title_text=&#8221;1ad2b024-3267-4d2c-a9f8-5e6dd2d2ac6c&#8221; _builder_version=&#8221;4.27.4&#8243; _module_preset=&#8221;default&#8221; hover_enabled=&#8221;0&#8243; border_radii=&#8221;on|33px|33px|33px|33px&#8221; global_colors_info=&#8221;{}&#8221; sticky_enabled=&#8221;0&#8243;][\/et_pb_image][\/et_pb_column][\/et_pb_row][et_pb_row _builder_version=&#8221;4.21.0&#8243; _module_preset=&#8221;default&#8221; global_colors_info=&#8221;{}&#8221;][et_pb_column type=&#8221;4_4&#8243; _builder_version=&#8221;4.21.0&#8243; _module_preset=&#8221;default&#8221; global_colors_info=&#8221;{}&#8221;][et_pb_text _builder_version=&#8221;4.21.0&#8243; _module_preset=&#8221;default&#8221; global_colors_info=&#8221;{}&#8221;]<\/p>\n<p>Photos by Jean-Michael Seminaro<\/p>\n<p>[\/et_pb_text][\/et_pb_column][\/et_pb_row][\/et_pb_section]<\/p>\n","protected":false},"excerpt":{"rendered":"<p>TH\u00c9\u00c2TRE SAINTE-CATHERINE CAF\u00c9-BARLE NOUVEAU INTERNATIONAL A performing arts organization founded in 2009 by Mark Louch, Alain Mercieca and Sandi Armstrong. Le Nouveau International is home to the longest running english [&hellip;]<\/p>\n","protected":false},"author":1,"featured_media":0,"parent":0,"menu_order":0,"comment_status":"closed","ping_status":"closed","template":"","meta":{"_et_pb_use_builder":"on","_et_pb_old_content":"","_et_gb_content_width":"","footnotes":""},"class_list":["post-671","page","type-page","status-publish","hentry"],"_links":{"self":[{"href":"https:\/\/theatresaintecatherine.com\/en\/wp-json\/wp\/v2\/pages\/671","targetHints":{"allow":["GET"]}}],"collection":[{"href":"https:\/\/theatresaintecatherine.com\/en\/wp-json\/wp\/v2\/pages"}],"about":[{"href":"https:\/\/theatresaintecatherine.com\/en\/wp-json\/wp\/v2\/types\/page"}],"author":[{"embeddable":true,"href":"https:\/\/theatresaintecatherine.com\/en\/wp-json\/wp\/v2\/users\/1"}],"replies":[{"embeddable":true,"href":"https:\/\/theatresaintecatherine.com\/en\/wp-json\/wp\/v2\/comments?post=671"}],"version-history":[{"count":1,"href":"https:\/\/theatresaintecatherine.com\/en\/wp-json\/wp\/v2\/pages\/671\/revisions"}],"predecessor-version":[{"id":12009,"href":"https:\/\/theatresaintecatherine.com\/en\/wp-json\/wp\/v2\/pages\/671\/revisions\/12009"}],"wp:attachment":[{"href":"https:\/\/theatresaintecatherine.com\/en\/wp-json\/wp\/v2\/media?parent=671"}],"curies":[{"name":"wp","href":"https:\/\/api.w.org\/{rel}","templated":true}]}}